{"id":609,"date":"2015-10-26T07:07:00","date_gmt":"2015-10-26T07:07:00","guid":{"rendered":"http:\/\/barthegites.com\/?page_id=609"},"modified":"2025-11-13T14:08:03","modified_gmt":"2025-11-13T14:08:03","slug":"whats-new-at-barthe","status":"publish","type":"page","link":"https:\/\/barthegites.com\/fr\/whats-new-at-barthe\/","title":{"rendered":"What&rsquo;s new at Barthe"},"content":{"rendered":"[vc_row][vc_column][vc_column_text][\/vc_column_text][\/vc_column][\/vc_row][vc_row full_width=\u00a0\u00bbstretch_row\u00a0\u00bb parallax=\u00a0\u00bbcontent-moving\u00a0\u00bb parallax_image=\u00a0\u00bb359&Prime; enable_overlay=\u00a0\u00bbtrue\u00a0\u00bb css=\u00a0\u00bb.vc_custom_1444986649651{padding-top: 150px !important;padding-bottom: 80px !important;}\u00a0\u00bb][vc_column]<div class=\"awe-special-heading text-center\" style=\"color:#ffffff;\"><h2>Quoi de neuf chez Barthe<\/h2><\/div>[\/vc_column][\/vc_row][vc_row css=\u00a0\u00bb.vc_custom_1644427377866{margin-bottom: 0px !important;padding-top: 50px !important;padding-bottom: 50px !important;}\u00a0\u00bb][vc_column]<div class=\"awe-special-heading text-left\" style=\"color:#444444;\"><h3 style=\"font-size:24px\">TARIFS 2026 ET DISPONIBILIT\u00c9 MAINTENANT LANC\u00c9S <\/h3><\/div>[vc_column_text size=\u00a0\u00bb0&Prime; css=\u00a0\u00bb.vc_custom_1763042865288{margin-top: 5px !important;margin-bottom: 30px !important;padding-top: 0px !important;padding-bottom: 0px !important;}\u00a0\u00bb]Nous sommes heureux de publier nos <u><a href=\"\/2026-rates\/\">tarifs 2026<\/a><\/u> et proposons d\u00e9sormais la disponibilit\u00e9 des r\u00e9servations pour notre saison des f\u00eates 2026. Comme nos clients fid\u00e8les le savent, il est toujours conseill\u00e9 de r\u00e9server t\u00f4t pour garantir les dates souhait\u00e9es (et profiter de l&rsquo;offre ci-dessus), en particulier si vous envisagez une occupation multiple pour un grand groupe.<\/p>\n<p>En r\u00e9servant nos 4 g\u00eetes ensemble, nous pouvons proposer un h\u00e9bergement pour des groupes jusqu&rsquo;\u00e0 20 personnes ! Nos b\u00e2timents et nos installations sont r\u00e9partis sur un acre de terrain entour\u00e9 de 5 acres suppl\u00e9mentaires de nos propres vignes \u2013 il y a donc beaucoup d&rsquo;espace pour tout le monde ! Nous disposons de nombreux espaces communs tels que notre grange de jeux (avec table de ping-pong, billard et biblioth\u00e8que etc.) ; Espace barbecue (avec barbecues en brique et un terrain de p\u00e9tanque couvert pleine grandeur)\u00a0; une grande piscine avec son spacieux espace terrasse\/patio et bien s\u00fbr notre immense cour sur laquelle s&rsquo;ouvrent nos 3 g\u00eetes cottage. Chaque g\u00eete dispose \u00e9galement de son propre espace ext\u00e9rieur (l&rsquo;appartement Fitou est un peu plus priv\u00e9 \u00e9tant accessible juste \u00e0 l&rsquo;ext\u00e9rieur de la cour).<\/p>\n<p>Que vous reveniez ou passiez des vacances avec nous pour la premi\u00e8re fois en tant qu&rsquo;individu ou en famille \u00e9largie (ou autre groupe), nous sommes impatients de vous aider \u00e0 vivre une excellente exp\u00e9rience de vacances 2026 ici ![\/vc_column_text]<div class=\"awe-special-heading text-left\" style=\"color:#444444;\"><h3 style=\"font-size:24px\">EXPERIENCE VIN \u00abMADE IN DOUZENS\u00bb<\/h3><\/div>[vc_column_text size=\u00a0\u00bb0&Prime; css=\u00a0\u00bb.vc_custom_1736173531305{margin-top: 5px !important;margin-bottom: 30px !important;padding-top: 0px !important;padding-bottom: 0px !important;}\u00a0\u00bb]Plusieurs des principaux vignerons de Douzens se sont r\u00e9unis pour former une initiative marketing appel\u00e9e \u00ab Made in Douzens \u00bb. Les vignerons sont ; Domaine Py, Ste Marie des Crozes, Colline de l&rsquo;hirondell, Regazel &amp; Ch\u00e2teau de Fontenelles. Ils produisent tous des vins de qualit\u00e9 sup\u00e9rieure et comptent parmi eux plusieurs m\u00e9daill\u00e9s d&rsquo;or. Ils peuvent proposer une exp\u00e9rience de d\u00e9gustation de vin, avec une visite facultative de leur vignoble, dans l\u2019une de leurs \u00ab caves \u00bb pendant l\u2019\u00e9t\u00e9. Nous nous ferons un plaisir d&rsquo;organiser cela \u00e0 l&rsquo;avance si votre groupe est int\u00e9ress\u00e9. Ils proposent \u00e9galement des ventes de vins pour soutenir le tr\u00e8s populaire march\u00e9\/soir\u00e9e hebdomadaire de Douzens qui a lieu tous les mercredis soir en juillet et ao\u00fbt. Une exp\u00e9rience \u00e0 ne pas manquer si vous s\u00e9journez ici \u00e0 cette p\u00e9riode !<\/p>\n<p>Ils cr\u00e9eront \u00e9galement d&rsquo;autres exp\u00e9riences tout au long de la saison et vous pourrez en savoir plus sur leur &lt;a href=\u00a0\u00bbhttps:\/\/www.facebook.com\/Made-in-Douzens-421128561635836\/\u00a0\u00bb target=\u00a0\u00bb_blank\u00a0\u00bb rel=\u00a0\u00bbnoopener\u00a0\u00bb&gt;page Facebook&lt;\/a&gt;.[\/vc_column_text]<div class=\"awe-special-heading text-left\"><h3 style=\"font-size:24px\">LES ACHATS ALIMENTAIRES (ET LE CARBURANT) SONT MAINTENANT PLUS PROCHES<\/h3><\/div>[vc_column_text size=\u00a0\u00bb0&Prime;]Ouvert en juillet 2021, et \u00e0 seulement 2 kilom\u00e8tres de chez nous, se trouve un nouveau supermarch\u00e9 Intermarch\u00e9 avec une station-service ! Class\u00e9 comme supermarch\u00e9 \u00ab de contact \u00bb, il propose un bon choix de produits alimentaires et de boissons avec du pain frais du jour et un comptoir de viande fra\u00eeche. Ceci est extr\u00eamement pratique pour nos clients qui s\u00e9journent ici pour les achats d&rsquo;arriv\u00e9e et les recharges\u00a0![\/vc_column_text]<div class=\"awe-special-heading text-left\"><h3 style=\"font-size:24px\">MANGER AU DEHORS EST MAINTENANT PLUS PROCHE<\/h3><\/div>[vc_column_text size=\u00a0\u00bb0&Prime;]\u00c9galement ouvert en juillet 2021, notre nouveau restaurant \u2018L\u2019Ail \u00c9cras\u00e9\u2019. Situ\u00e9 dans l&rsquo;ancienne gare de Douzens (\u00e0 environ 1 kilom\u00e8tre de chez nous), le b\u00e2timent a \u00e9t\u00e9 enti\u00e8rement restaur\u00e9 pour offrir une restauration de premi\u00e8re classe \u00e0 l&rsquo;int\u00e9rieur et \u00e0 l&rsquo;ext\u00e9rieur sous une terrasse couverte. Nous avons \u00e9galement le populaire h\u00f4tel et restaurant &lsquo;Top du Roulier&rsquo; \u00e0 Capendu (\u00e0 2 kilom\u00e8tres de chez nous), le restaurant &lsquo;l&rsquo;Idiot du Village&rsquo; et le &lsquo;Terrace bar&rsquo; r\u00e9cemment r\u00e9nov\u00e9 (\u00e0 2,5 kilom\u00e8tres de chez nous) pour offrir davantage de restauration et de rafra\u00eechissements locaux.[\/vc_column_text]<div class=\"awe-special-heading text-left\" style=\"color:#444444;\"><h3 style=\"font-size:24px\">HIVER \u00c0 LONG TERME<\/h3><\/div>[vc_column_text size=\u00a0\u00bb0&Prime; css=\u00a0\u00bb.vc_custom_1708959214976{margin-top: 5px !important;margin-bottom: 30px !important;padding-top: 0px !important;padding-bottom: 0px !important;}\u00a0\u00bb]Les longs s\u00e9jours hivernaux sont un moyen abordable de rechercher un climat plus cl\u00e9ment, de profiter d&rsquo;une tranquillit\u00e9 inspirante, de rechercher le bien fran\u00e7ais de vos r\u00eaves ou tout simplement d&rsquo;essayer de vivre en France.<\/p>\n<p>Si vous ne pouvez tout simplement pas faire face \u00e0 la perspective d&rsquo;un hiver britannique long et terne, une longue location d&rsquo;hiver peut \u00eatre un excellent moyen de suivre le soleil sans les frais d&rsquo;achat de votre propre propri\u00e9t\u00e9 de vacances, en particulier si vous \u00eates \u00e0 la retraite et avez possibilit\u00e9 de vivre \u00e0 l\u2019\u00e9tranger pendant plusieurs mois. La temp\u00e9rature maximale moyenne en janvier peut \u00eatre tr\u00e8s agr\u00e9able \u00e0 12 degr\u00e9s Celsius en Languedoc &#8211; plus du double de la temp\u00e9rature moyenne dans la majeure partie du Royaume-Uni \u00e0 cette p\u00e9riode de l&rsquo;ann\u00e9e!<\/p>\n<p id=\"tw-target-text\" class=\"tw-data-text tw-text-large tw-ta\" dir=\"ltr\" data-placeholder=\"Translation\" data-ved=\"2ahUKEwikwcD5mcmEAxVhRKQEHXdSCCsQ3ewLegQIBRAT\"><span class=\"Y2IQFc\" lang=\"fr\">Tous nos cottages sont disponibles en location d&rsquo;hiver (mois basse saison du 1er novembre au 30 avril). Contactez-nous pour plus de d\u00e9tails, les prix et les conditions.<\/span> Contactez-nous pour plus de d\u00e9tails, prix et conditions.<\/p>\n[\/vc_column_text]<div class=\"awe-special-heading text-left\" style=\"color:#444444;\"><h3 style=\"font-size:24px\">NOUVEAUX P\u00c9RIODES DE S\u00c9JOUR MINIMUM!<\/h3><\/div>[vc_column_text size=\u00a0\u00bb0&Prime; css=\u00a0\u00bb.vc_custom_1547380138404{margin-top: 5px !important;margin-bottom: 10px !important;padding-top: 0px !important;padding-bottom: 0px !important;}\u00a0\u00bb]En raison de la demande populaire, nous avons assoupli notre p\u00e9riode minimale de s\u00e9jour de 7 nuits en dehors des mois de haute saison de juillet et ao\u00fbt. Nous accueillons maintenant un s\u00e9jour minimum de 3 nuits \u00e0 tous les autres moments! Voir notre page de tarifs pour les co\u00fbts de la nuit.<\/p>\n<p>Cela permettra \u00e0 nos clients de profiter des installations du Domaine de Barthe et de profiter des nombreuses offres de voyage bon march\u00e9 propos\u00e9es par les compagnies a\u00e9riennes \u00e0 bas prix, les ferries transcanaux et les services de train.<br \/>\n[\/vc_column_text][\/vc_column][\/vc_row][vc_row][vc_column][\/vc_column][\/vc_row][vc_row][vc_column][\/vc_column][\/vc_row][vc_row][vc_column][vc_column_text][\/vc_column_text][\/vc_column][\/vc_row][vc_row full_width=\u00a0\u00bbstretch_row\u00a0\u00bb parallax=\u00a0\u00bbcontent-moving\u00a0\u00bb parallax_image=\u00a0\u00bb359&Prime; enable_overlay=\u00a0\u00bbtrue\u00a0\u00bb css=\u00a0\u00bb.vc_custom_1444986649651{padding-top: 150px !important;padding-bottom: 80px !important;}\u00a0\u00bb][vc_column]<div class=\"awe-special-heading text-center\" style=\"color:#ffffff;\"><h2>Quoi de neuf chez Barthe<\/h2><\/div>[\/vc_column][\/vc_row][vc_row css=\u00a0\u00bb.vc_custom_1644427377866{margin-bottom: 0px !important;padding-top: 50px !important;padding-bottom: 50px !important;}\u00a0\u00bb][vc_column]<div class=\"awe-special-heading text-left\" style=\"color:#444444;\"><h3 style=\"font-size:24px\">TARIFS 2024 ET DISPONIBILIT\u00c9 MAINTENANT LANC\u00c9S <\/h3><\/div>[vc_column_text size=\u00a0\u00bb0&Prime; css=\u00a0\u00bb.vc_custom_1697043274291{margin-top: 5px !important;margin-bottom: 30px !important;padding-top: 0px !important;padding-bottom: 0px !important;}\u00a0\u00bb]Apr\u00e8s plusieurs ann\u00e9es de perturbations des voyages, l&rsquo;\u00e9t\u00e9 2023 a vu un retour \u00e0 la \u00ab\u00a0normalit\u00e9\u00a0\u00bb et nous esp\u00e9rons que 2024 poursuivra cette tendance. Nous nous r\u00e9jouissons d&rsquo;accueillir nos h\u00f4tes, anciens et nouveaux, pour des vacances agr\u00e9ables au Domaine de Barthe.<\/p>\n<p>Nous avons donc le plaisir de publier nos <a href=\"\/2024-rates\/\">tarifs 2024<\/a> et proposons d\u00e9sormais des disponibilit\u00e9s de r\u00e9servation pour nos f\u00eates de fin d&rsquo;ann\u00e9e 2024. Comme nos clients fid\u00e8les le savent, il est toujours conseill\u00e9 de r\u00e9server t\u00f4t pour garantir les dates que vous souhaitez, en particulier si vous envisagez une occupation multiple pour un grand groupe.<\/p>\n<p>En r\u00e9servant nos 4 g\u00eetes ensemble, nous pouvons proposer des h\u00e9bergements pour des groupes jusqu&rsquo;\u00e0 20 personnes ! Nos b\u00e2timents et nos installations sont implant\u00e9s sur un acre de terrain entour\u00e9 de 5 acres suppl\u00e9mentaires de nos propres vignes &#8211; il y a donc beaucoup d&rsquo;espace pour tout le monde ! Nous avons de nombreux espaces communs tels que notre grange de jeux (avec tennis de table, billard et biblioth\u00e8que, etc.); Espace barbecue (avec des barbecues en brique et un terrain de p\u00e9tanque couvert pleine grandeur); une grande piscine avec sa spacieuse terrasse\/patio et, bien s\u00fbr, notre immense cour sur laquelle s&rsquo;ouvrent nos 3 g\u00eetes. Chaque g\u00eete a \u00e9galement son propre espace ext\u00e9rieur (Fitou Apartment est un peu plus priv\u00e9 \u00e9tant accessible juste \u00e0 l&rsquo;ext\u00e9rieur de la cour).<\/p>\n<p>Que vous reveniez ou que vous passiez des vacances avec nous pour la premi\u00e8re fois en tant qu&rsquo;individu ou famille \u00e9largie (ou autre groupe), nous sommes impatients de vous aider \u00e0 vivre une excellente exp\u00e9rience de vacances 2024 ici ![\/vc_column_text]<div class=\"awe-special-heading text-left\" style=\"color:#444444;\"><h3 style=\"font-size:24px\">EXPERIENCE VIN \u00abMADE IN DOUZENS\u00bb<\/h3><\/div>[vc_column_text size=\u00a0\u00bb0&Prime; css=\u00a0\u00bb.vc_custom_1547487129906{margin-top: 5px !important;margin-bottom: 30px !important;padding-top: 0px !important;padding-bottom: 0px !important;}\u00a0\u00bb]Cinq des principaux vignerons de Douzens se sont associ\u00e9s pour former une nouvelle initiative de marketing baptis\u00e9e \u00abMade in Douzens\u00bb. Les vignerons sont; Domaine Py, Ste Marie des Crozes, Colline de l\u2019Hirondelle, Regazel et Ch\u00e2teau de Fontenelles. Ils produisent tous des vins de qualit\u00e9 sup\u00e9rieure et comptent parmi eux plusieurs m\u00e9daill\u00e9s d&rsquo;or. Ils offrent une exp\u00e9rience de d\u00e9gustation de vin dans chacune de leurs \u00abcaves\u00bb, suivie d\u2019un d\u00e9jeuner dans l\u2019un de leurs locaux, le premier dimanche matin de TOUS LES MOIS.<\/p>\n<p>Ils proposent \u00e9galement des ventes de vin soutenant le tr\u00e8s populaire march\u00e9 \/ soir\u00e9e hebdomadaire des Douzens, qui a lieu tous les mercredis soirs en juillet et ao\u00fbt. Une exp\u00e9rience \u00e0 ne pas manquer si vous restez ici pendant cette p\u00e9riode!<\/p>\n<p>Ils cr\u00e9eront \u00e9galement d&rsquo;autres exp\u00e9riences tout au long de la saison et vous pourrez en savoir plus sur leur &lt;a href=\u00a0\u00bbhttps:\/\/www.facebook.com\/Made-in-Douzens-421128561635836\/\u00a0\u00bb target=\u00a0\u00bb_blank\u00a0\u00bb rel=\u00a0\u00bbnoopener\u00a0\u00bb&gt;page Facebook&lt;\/a&gt;.[\/vc_column_text]<div class=\"awe-special-heading text-left\"><h3 style=\"font-size:24px\">LES ACHATS ALIMENTAIRES (ET LE CARBURANT) SONT MAINTENANT PLUS PROCHES<\/h3><\/div>[vc_column_text size=\u00a0\u00bb0&Prime;]Ouvert en juillet 2021, et \u00e0 seulement 2 kilom\u00e8tres de chez nous, se trouve un nouveau supermarch\u00e9 Intermarch\u00e9 avec une station-service ! Class\u00e9 comme supermarch\u00e9 \u00ab de contact \u00bb, il propose un bon choix de produits alimentaires et de boissons avec du pain frais du jour et un comptoir de viande fra\u00eeche. Ceci est extr\u00eamement pratique pour nos clients qui s\u00e9journent ici pour les achats d&rsquo;arriv\u00e9e et les recharges\u00a0![\/vc_column_text]<div class=\"awe-special-heading text-left\"><h3 style=\"font-size:24px\">MANGER AU DEHORS EST MAINTENANT PLUS PROCHE<\/h3><\/div>[vc_column_text size=\u00a0\u00bb0&Prime;]\u00c9galement ouvert en juillet 2021, notre nouveau restaurant \u2018L\u2019Art &amp; Gourmand\u2019. Situ\u00e9 dans l&rsquo;ancienne gare de Douzens (\u00e0 environ 1 kilom\u00e8tre de chez nous), le b\u00e2timent a \u00e9t\u00e9 enti\u00e8rement restaur\u00e9 pour offrir une restauration de premi\u00e8re classe \u00e0 l&rsquo;int\u00e9rieur et \u00e0 l&rsquo;ext\u00e9rieur sous une terrasse couverte. Nous avons \u00e9galement le populaire h\u00f4tel et restaurant &lsquo;Top du Roulier&rsquo; \u00e0 Capendu (\u00e0 2 kilom\u00e8tres de chez nous), le restaurant &lsquo;l&rsquo;Idiot du Village&rsquo; et le &lsquo;Terrace bar&rsquo; r\u00e9cemment r\u00e9nov\u00e9 (\u00e0 2,5 kilom\u00e8tres de chez nous) pour offrir davantage de restauration et de rafra\u00eechissements locaux.[\/vc_column_text]<div class=\"awe-special-heading text-left\" style=\"color:#444444;\"><h3 style=\"font-size:24px\">HIVER \u00c0 LONG TERME<\/h3><\/div>[vc_column_text size=\u00a0\u00bb0&Prime; css=\u00a0\u00bb.vc_custom_1708959214976{margin-top: 5px !important;margin-bottom: 30px !important;padding-top: 0px !important;padding-bottom: 0px !important;}\u00a0\u00bb]Les longs s\u00e9jours hivernaux sont un moyen abordable de rechercher un climat plus cl\u00e9ment, de profiter d&rsquo;une tranquillit\u00e9 inspirante, de rechercher le bien fran\u00e7ais de vos r\u00eaves ou tout simplement d&rsquo;essayer de vivre en France.<\/p>\n<p>Si vous ne pouvez tout simplement pas faire face \u00e0 la perspective d&rsquo;un hiver britannique long et terne, une longue location d&rsquo;hiver peut \u00eatre un excellent moyen de suivre le soleil sans les frais d&rsquo;achat de votre propre propri\u00e9t\u00e9 de vacances, en particulier si vous \u00eates \u00e0 la retraite et avez possibilit\u00e9 de vivre \u00e0 l\u2019\u00e9tranger pendant plusieurs mois. La temp\u00e9rature maximale moyenne en janvier peut \u00eatre tr\u00e8s agr\u00e9able \u00e0 12 degr\u00e9s Celsius en Languedoc &#8211; plus du double de la temp\u00e9rature moyenne dans la majeure partie du Royaume-Uni \u00e0 cette p\u00e9riode de l&rsquo;ann\u00e9e!<\/p>\n<p id=\"tw-target-text\" class=\"tw-data-text tw-text-large tw-ta\" dir=\"ltr\" data-placeholder=\"Translation\" data-ved=\"2ahUKEwikwcD5mcmEAxVhRKQEHXdSCCsQ3ewLegQIBRAT\"><span class=\"Y2IQFc\" lang=\"fr\">Tous nos cottages sont disponibles en location d&rsquo;hiver (mois basse saison du 1er novembre au 30 avril). Contactez-nous pour plus de d\u00e9tails, les prix et les conditions.<\/span> Contactez-nous pour plus de d\u00e9tails, prix et conditions.<\/p>\n[\/vc_column_text]<div class=\"awe-special-heading text-left\" style=\"color:#444444;\"><h3 style=\"font-size:24px\">NOUVEAUX P\u00c9RIODES DE S\u00c9JOUR MINIMUM!<\/h3><\/div>[vc_column_text size=\u00a0\u00bb0&Prime; css=\u00a0\u00bb.vc_custom_1547380138404{margin-top: 5px !important;margin-bottom: 10px !important;padding-top: 0px !important;padding-bottom: 0px !important;}\u00a0\u00bb]En raison de la demande populaire, nous avons assoupli notre p\u00e9riode minimale de s\u00e9jour de 7 nuits en dehors des mois de haute saison de juillet et ao\u00fbt. Nous accueillons maintenant un s\u00e9jour minimum de 3 nuits \u00e0 tous les autres moments! Voir notre page de tarifs pour les co\u00fbts de la nuit.<\/p>\n<p>Cela permettra \u00e0 nos clients de profiter des installations du Domaine de Barthe et de profiter des nombreuses offres de voyage bon march\u00e9 propos\u00e9es par les compagnies a\u00e9riennes \u00e0 bas prix, les ferries transcanaux et les services de train.<br \/>\n[\/vc_column_text][\/vc_column][\/vc_row][vc_row][vc_column][\/vc_column][\/vc_row][vc_row][vc_column][\/vc_column][\/vc_row]","protected":false},"excerpt":{"rendered":"<p>[vc_row][vc_column][vc_column_text][\/vc_column_text][\/vc_column][\/vc_row][vc_row full_width=\u00a0\u00bbstretch_row\u00a0\u00bb parallax=\u00a0\u00bbcontent-moving\u00a0\u00bb parallax_image=\u00a0\u00bb359&Prime; enable_overlay=\u00a0\u00bbtrue\u00a0\u00bb css=\u00a0\u00bb.vc_custom_1444986649651{padding-top: 150px !important;padding-bottom: 80px !important;}\u00a0\u00bb][vc_column][\/vc_column][\/vc_row][vc_row css=\u00a0\u00bb.vc_custom_1644427377866{margin-bottom: 0px !important;padding-top: 50px !important;padding-bottom: 50px !important;}\u00a0\u00bb][vc_column][vc_column_text size=\u00a0\u00bb0&Prime; css=\u00a0\u00bb.vc_custom_1763042865288{margin-top: 5px !important;margin-bottom: 30px !important;padding-top: 0px !important;padding-bottom: 0px !important;}\u00a0\u00bb]Nous sommes heureux de publier nos tarifs 2026 et proposons d\u00e9sormais la disponibilit\u00e9 des r\u00e9servations pour notre saison des f\u00eates 2026. Comme nos clients fid\u00e8les le savent, il est &hellip;<\/p>\n","protected":false},"author":1,"featured_media":0,"parent":0,"menu_order":0,"comment_status":"closed","ping_status":"closed","template":"","meta":[],"yoast_head":"<!-- This site is optimized with the Yoast SEO plugin v18.1 - https:\/\/yoast.com\/wordpress\/plugins\/seo\/ -->\n<title>What&#039;s new at Barthe - Barthe Gites<\/title>\n<meta name=\"robots\" content=\"index, follow, max-snippet:-1, max-image-preview:large, max-video-preview:-1\" \/>\n<link rel=\"canonical\" href=\"https:\/\/barthegites.com\/whats-new-at-barthe\/\" \/>\n<meta property=\"og:locale\" content=\"fr_FR\" \/>\n<meta property=\"og:type\" content=\"article\" \/>\n<meta property=\"og:title\" content=\"What&#039;s new at Barthe - Barthe Gites\" \/>\n<meta property=\"og:description\" content=\"[vc_row][vc_column][vc_column_text][\/vc_column_text][\/vc_column][\/vc_row][vc_row full_width=\u00a0\u00bbstretch_row\u00a0\u00bb parallax=\u00a0\u00bbcontent-moving\u00a0\u00bb parallax_image=\u00a0\u00bb359&Prime; enable_overlay=\u00a0\u00bbtrue\u00a0\u00bb css=\u00a0\u00bb.vc_custom_1444986649651{padding-top: 150px !important;padding-bottom: 80px !important;}\u00a0\u00bb][vc_column][\/vc_column][\/vc_row][vc_row css=\u00a0\u00bb.vc_custom_1644427377866{margin-bottom: 0px !important;padding-top: 50px !important;padding-bottom: 50px !important;}\u00a0\u00bb][vc_column][vc_column_text size=\u00a0\u00bb0&Prime; css=\u00a0\u00bb.vc_custom_1763042865288{margin-top: 5px !important;margin-bottom: 30px !important;padding-top: 0px !important;padding-bottom: 0px !important;}\u00a0\u00bb]Nous sommes heureux de publier nos tarifs 2026 et proposons d\u00e9sormais la disponibilit\u00e9 des r\u00e9servations pour notre saison des f\u00eates 2026. Comme nos clients fid\u00e8les le savent, il est &hellip;\" \/>\n<meta property=\"og:url\" content=\"https:\/\/barthegites.com\/whats-new-at-barthe\/\" \/>\n<meta property=\"og:site_name\" content=\"Barthe Gites\" \/>\n<meta property=\"article:modified_time\" content=\"2025-11-13T14:08:03+00:00\" \/>\n<meta name=\"twitter:card\" content=\"summary\" \/>\n<meta name=\"twitter:label1\" content=\"Dur\u00e9e de lecture estim\u00e9e\" \/>\n\t<meta name=\"twitter:data1\" content=\"4 minutes\" \/>\n<script type=\"application\/ld+json\" class=\"yoast-schema-graph\">{\"@context\":\"https:\/\/schema.org\",\"@graph\":[{\"@type\":\"Organization\",\"@id\":\"https:\/\/barthegites.com\/#organization\",\"name\":\"Barthe Gites\",\"url\":\"https:\/\/barthegites.com\/\",\"sameAs\":[],\"logo\":{\"@type\":\"ImageObject\",\"@id\":\"https:\/\/barthegites.com\/#logo\",\"inLanguage\":\"fr-FR\",\"url\":\"https:\/\/barthegites.com\/wp-content\/uploads\/barthe_gites_logo.png\",\"contentUrl\":\"https:\/\/barthegites.com\/wp-content\/uploads\/barthe_gites_logo.png\",\"width\":327,\"height\":200,\"caption\":\"Barthe Gites\"},\"image\":{\"@id\":\"https:\/\/barthegites.com\/#logo\"}},{\"@type\":\"WebSite\",\"@id\":\"https:\/\/barthegites.com\/#website\",\"url\":\"https:\/\/barthegites.com\/\",\"name\":\"Barthe Gites\",\"description\":\"\",\"publisher\":{\"@id\":\"https:\/\/barthegites.com\/#organization\"},\"potentialAction\":[{\"@type\":\"SearchAction\",\"target\":{\"@type\":\"EntryPoint\",\"urlTemplate\":\"https:\/\/barthegites.com\/?s={search_term_string}\"},\"query-input\":\"required name=search_term_string\"}],\"inLanguage\":\"fr-FR\"},{\"@type\":\"WebPage\",\"@id\":\"https:\/\/barthegites.com\/whats-new-at-barthe\/#webpage\",\"url\":\"https:\/\/barthegites.com\/whats-new-at-barthe\/\",\"name\":\"What's new at Barthe - Barthe Gites\",\"isPartOf\":{\"@id\":\"https:\/\/barthegites.com\/#website\"},\"datePublished\":\"2015-10-26T07:07:00+00:00\",\"dateModified\":\"2025-11-13T14:08:03+00:00\",\"breadcrumb\":{\"@id\":\"https:\/\/barthegites.com\/whats-new-at-barthe\/#breadcrumb\"},\"inLanguage\":\"fr-FR\",\"potentialAction\":[{\"@type\":\"ReadAction\",\"target\":[\"https:\/\/barthegites.com\/whats-new-at-barthe\/\"]}]},{\"@type\":\"BreadcrumbList\",\"@id\":\"https:\/\/barthegites.com\/whats-new-at-barthe\/#breadcrumb\",\"itemListElement\":[{\"@type\":\"ListItem\",\"position\":1,\"name\":\"Home\",\"item\":\"https:\/\/barthegites.com\/\"},{\"@type\":\"ListItem\",\"position\":2,\"name\":\"What&#8217;s new at Barthe\"}]}]}<\/script>\n<!-- \/ Yoast SEO plugin. -->","yoast_head_json":{"title":"What's new at Barthe - Barthe Gites","robots":{"index":"index","follow":"follow","max-snippet":"max-snippet:-1","max-image-preview":"max-image-preview:large","max-video-preview":"max-video-preview:-1"},"canonical":"https:\/\/barthegites.com\/whats-new-at-barthe\/","og_locale":"fr_FR","og_type":"article","og_title":"What's new at Barthe - Barthe Gites","og_description":"[vc_row][vc_column][vc_column_text][\/vc_column_text][\/vc_column][\/vc_row][vc_row full_width=\u00a0\u00bbstretch_row\u00a0\u00bb parallax=\u00a0\u00bbcontent-moving\u00a0\u00bb parallax_image=\u00a0\u00bb359&Prime; enable_overlay=\u00a0\u00bbtrue\u00a0\u00bb css=\u00a0\u00bb.vc_custom_1444986649651{padding-top: 150px !important;padding-bottom: 80px !important;}\u00a0\u00bb][vc_column][\/vc_column][\/vc_row][vc_row css=\u00a0\u00bb.vc_custom_1644427377866{margin-bottom: 0px !important;padding-top: 50px !important;padding-bottom: 50px !important;}\u00a0\u00bb][vc_column][vc_column_text size=\u00a0\u00bb0&Prime; css=\u00a0\u00bb.vc_custom_1763042865288{margin-top: 5px !important;margin-bottom: 30px !important;padding-top: 0px !important;padding-bottom: 0px !important;}\u00a0\u00bb]Nous sommes heureux de publier nos tarifs 2026 et proposons d\u00e9sormais la disponibilit\u00e9 des r\u00e9servations pour notre saison des f\u00eates 2026. Comme nos clients fid\u00e8les le savent, il est &hellip;","og_url":"https:\/\/barthegites.com\/whats-new-at-barthe\/","og_site_name":"Barthe Gites","article_modified_time":"2025-11-13T14:08:03+00:00","twitter_card":"summary","twitter_misc":{"Dur\u00e9e de lecture estim\u00e9e":"4 minutes"},"schema":{"@context":"https:\/\/schema.org","@graph":[{"@type":"Organization","@id":"https:\/\/barthegites.com\/#organization","name":"Barthe Gites","url":"https:\/\/barthegites.com\/","sameAs":[],"logo":{"@type":"ImageObject","@id":"https:\/\/barthegites.com\/#logo","inLanguage":"fr-FR","url":"https:\/\/barthegites.com\/wp-content\/uploads\/barthe_gites_logo.png","contentUrl":"https:\/\/barthegites.com\/wp-content\/uploads\/barthe_gites_logo.png","width":327,"height":200,"caption":"Barthe Gites"},"image":{"@id":"https:\/\/barthegites.com\/#logo"}},{"@type":"WebSite","@id":"https:\/\/barthegites.com\/#website","url":"https:\/\/barthegites.com\/","name":"Barthe Gites","description":"","publisher":{"@id":"https:\/\/barthegites.com\/#organization"},"potentialAction":[{"@type":"SearchAction","target":{"@type":"EntryPoint","urlTemplate":"https:\/\/barthegites.com\/?s={search_term_string}"},"query-input":"required name=search_term_string"}],"inLanguage":"fr-FR"},{"@type":"WebPage","@id":"https:\/\/barthegites.com\/whats-new-at-barthe\/#webpage","url":"https:\/\/barthegites.com\/whats-new-at-barthe\/","name":"What's new at Barthe - Barthe Gites","isPartOf":{"@id":"https:\/\/barthegites.com\/#website"},"datePublished":"2015-10-26T07:07:00+00:00","dateModified":"2025-11-13T14:08:03+00:00","breadcrumb":{"@id":"https:\/\/barthegites.com\/whats-new-at-barthe\/#breadcrumb"},"inLanguage":"fr-FR","potentialAction":[{"@type":"ReadAction","target":["https:\/\/barthegites.com\/whats-new-at-barthe\/"]}]},{"@type":"BreadcrumbList","@id":"https:\/\/barthegites.com\/whats-new-at-barthe\/#breadcrumb","itemListElement":[{"@type":"ListItem","position":1,"name":"Home","item":"https:\/\/barthegites.com\/"},{"@type":"ListItem","position":2,"name":"What&#8217;s new at Barthe"}]}]}},"_links":{"self":[{"href":"https:\/\/barthegites.com\/fr\/wp-json\/wp\/v2\/pages\/609"}],"collection":[{"href":"https:\/\/barthegites.com\/fr\/wp-json\/wp\/v2\/pages"}],"about":[{"href":"https:\/\/barthegites.com\/fr\/wp-json\/wp\/v2\/types\/page"}],"author":[{"embeddable":true,"href":"https:\/\/barthegites.com\/fr\/wp-json\/wp\/v2\/users\/1"}],"replies":[{"embeddable":true,"href":"https:\/\/barthegites.com\/fr\/wp-json\/wp\/v2\/comments?post=609"}],"version-history":[{"count":73,"href":"https:\/\/barthegites.com\/fr\/wp-json\/wp\/v2\/pages\/609\/revisions"}],"predecessor-version":[{"id":1250,"href":"https:\/\/barthegites.com\/fr\/wp-json\/wp\/v2\/pages\/609\/revisions\/1250"}],"wp:attachment":[{"href":"https:\/\/barthegites.com\/fr\/wp-json\/wp\/v2\/media?parent=609"}],"curies":[{"name":"wp","href":"https:\/\/api.w.org\/{rel}","templated":true}]}}